{"id":1573,"date":"2024-05-11T21:57:02","date_gmt":"2024-05-11T19:57:02","guid":{"rendered":"https:\/\/www.cci.corsica\/?page_id=1573"},"modified":"2024-07-18T16:24:34","modified_gmt":"2024-07-18T14:24:34","slug":"les-commissions-reglementees","status":"publish","type":"page","link":"https:\/\/www.cci.corsica\/co\/les-commissions-reglementees\/","title":{"rendered":"Les commissions r\u00e8glement\u00e9es"},"content":{"rendered":"<div data-elementor-type=\"wp-page\" data-elementor-id=\"1573\" class=\"elementor elementor-1573\" data-elementor-post-type=\"page\">\n\t\t\t\t<div class=\"elementor-element elementor-element-40b59db e-flex e-con-boxed e-con e-parent\" data-id=\"40b59db\" data-element_type=\"container\" data-settings=\"{&quot;background_background&quot;:&quot;classic&quot;}\">\n\t\t\t\t\t<div class=\"e-con-inner\">\n\t\t\t\t<div class=\"elementor-element elementor-element-368d7ae elementor-widget elementor-widget-heading\" data-id=\"368d7ae\" data-element_type=\"widget\" data-widget_type=\"heading.default\">\n\t\t\t\t<div class=\"elementor-widget-container\">\n\t\t\t\t\t<h3 class=\"elementor-heading-title elementor-size-default\">Commission des finances<\/h3>\t\t\t\t<\/div>\n\t\t\t\t<\/div>\n\t\t\t\t\t<\/div>\n\t\t\t\t<\/div>\n\t\t<div class=\"elementor-element elementor-element-66e9dc6 e-flex e-con-boxed e-con e-parent\" data-id=\"66e9dc6\" data-element_type=\"container\" data-settings=\"{&quot;background_background&quot;:&quot;classic&quot;}\">\n\t\t\t\t\t<div class=\"e-con-inner\">\n\t\t\t\t<div class=\"elementor-element elementor-element-de5822a elementor-widget elementor-widget-text-editor\" data-id=\"de5822a\" data-element_type=\"widget\" data-widget_type=\"text-editor.default\">\n\t\t\t\t<div class=\"elementor-widget-container\">\n\t\t\t\t\t\t\t\t\t<p><strong><u>Pr\u00e9sidente<\/u><\/strong><strong>\u00a0: \u00a0\u00a0\u00a0\u00a0\u00a0\u00a0 <\/strong><\/p><ul><li>Mme Jeanne FRASSATI<\/li><\/ul><p><strong><em>\u00a0<\/em><\/strong><\/p><p><strong><u>Vice-Pr\u00e9sident<\/u><\/strong><strong>\u00a0: <\/strong><\/p><ul><li>M. Jean-Fran\u00e7ois PAOLI<\/li><\/ul><p><em>\u00a0<\/em><\/p><p><strong><u>Membres<\/u><\/strong><strong>\u00a0:<\/strong><\/p><ul><li>M. Fran\u00e7ois FAGGIANELLI<\/li><li>Mme Karina GOFFI<\/li><li>Mme Virginie MICHELI<\/li><li>Mme C\u00e9line PIACENTINI<\/li><\/ul>\t\t\t\t\t\t\t\t<\/div>\n\t\t\t\t<\/div>\n\t\t\t\t<div class=\"elementor-element elementor-element-f8002b7 elementor-widget-divider--view-line elementor-widget elementor-widget-divider\" data-id=\"f8002b7\" data-element_type=\"widget\" data-widget_type=\"divider.default\">\n\t\t\t\t<div class=\"elementor-widget-container\">\n\t\t\t\t\t\t\t<div class=\"elementor-divider\">\n\t\t\t<span class=\"elementor-divider-separator\">\n\t\t\t\t\t\t<\/span>\n\t\t<\/div>\n\t\t\t\t\t\t<\/div>\n\t\t\t\t<\/div>\n\t\t\t\t<div class=\"elementor-element elementor-element-e044259 elementor-widget elementor-widget-heading\" data-id=\"e044259\" data-element_type=\"widget\" data-widget_type=\"heading.default\">\n\t\t\t\t<div class=\"elementor-widget-container\">\n\t\t\t\t\t<h3 class=\"elementor-heading-title elementor-size-default\">Commission consultative des march\u00e9s<\/h3>\t\t\t\t<\/div>\n\t\t\t\t<\/div>\n\t\t\t\t<div class=\"elementor-element elementor-element-d537a6a elementor-widget elementor-widget-text-editor\" data-id=\"d537a6a\" data-element_type=\"widget\" data-widget_type=\"text-editor.default\">\n\t\t\t\t<div class=\"elementor-widget-container\">\n\t\t\t\t\t\t\t\t\t<p><strong><u>Pr\u00e9sident<\/u><\/strong><strong>&nbsp;: <\/strong><\/p>\n<ul>\n<li>M. Jean-Andr\u00e9 MAURIZI<\/li>\n<\/ul>\n<p><strong><u>Vice-Pr\u00e9sidente<\/u><\/strong><strong>&nbsp;:<\/strong><\/p>\n<ul>\n<li>Mme Caroline COLONNA<\/li>\n<\/ul>\n<p><strong>&nbsp;<\/strong><\/p>\n<p><strong><u>Membres<\/u><\/strong><strong>&nbsp;:<\/strong><\/p>\n<ul>\n<li>M. Eric ABELI<\/li>\n<li>M. Michel IENCO<\/li>\n<li>Mme Marina MARTELLI<\/li>\n<li>M. Antoine ROSSI<\/li>\n<\/ul>\t\t\t\t\t\t\t\t<\/div>\n\t\t\t\t<\/div>\n\t\t\t\t<div class=\"elementor-element elementor-element-0424dd0 elementor-widget-divider--view-line elementor-widget elementor-widget-divider\" data-id=\"0424dd0\" data-element_type=\"widget\" data-widget_type=\"divider.default\">\n\t\t\t\t<div class=\"elementor-widget-container\">\n\t\t\t\t\t\t\t<div class=\"elementor-divider\">\n\t\t\t<span class=\"elementor-divider-separator\">\n\t\t\t\t\t\t<\/span>\n\t\t<\/div>\n\t\t\t\t\t\t<\/div>\n\t\t\t\t<\/div>\n\t\t\t\t<div class=\"elementor-element elementor-element-5e2e793 elementor-widget elementor-widget-heading\" data-id=\"5e2e793\" data-element_type=\"widget\" data-widget_type=\"heading.default\">\n\t\t\t\t<div class=\"elementor-widget-container\">\n\t\t\t\t\t<h3 class=\"elementor-heading-title elementor-size-default\">Commission de pr\u00e9vention des conflits d'int\u00e9r\u00eats<\/h3>\t\t\t\t<\/div>\n\t\t\t\t<\/div>\n\t\t\t\t<div class=\"elementor-element elementor-element-433543a elementor-widget elementor-widget-text-editor\" data-id=\"433543a\" data-element_type=\"widget\" data-widget_type=\"text-editor.default\">\n\t\t\t\t<div class=\"elementor-widget-container\">\n\t\t\t\t\t\t\t\t\t<p><strong><u>Pr\u00e9sident<\/u><\/strong><strong>\u00a0:<\/strong><\/p><ul><li>M. Martin EMMANUELLI \/ Personne Qualifi\u00e9e<\/li><\/ul><p><strong><u>Membres<\/u><\/strong><strong>\u00a0:\u00a0\u00a0\u00a0\u00a0\u00a0\u00a0\u00a0\u00a0\u00a0\u00a0 <\/strong><\/p><ul><li>Mme Dominique DI MENZA<\/li><li>Mme Nathalie NURY VOLPI<\/li><li>M. Pierre ORSINI<\/li><li>M. Paul TROJANI<\/li><\/ul>\t\t\t\t\t\t\t\t<\/div>\n\t\t\t\t<\/div>\n\t\t\t\t\t<\/div>\n\t\t\t\t<\/div>\n\t\t\t\t<\/div>","protected":false},"excerpt":{"rendered":"<p>Les commissions r\u00e8glement\u00e9es<br \/>\nMandature 2021-2026<\/p>","protected":false},"author":4,"featured_media":0,"parent":0,"menu_order":0,"comment_status":"closed","ping_status":"closed","template":"","meta":{"_acf_changed":false,"_seopress_robots_primary_cat":"","_seopress_titles_title":"","_seopress_titles_desc":"","_seopress_robots_index":"","footnotes":""},"categorie-page":[],"type-de-page":[8],"class_list":["post-1573","page","type-page","status-publish","hentry","type-de-page-page-sans-image"],"acf":[],"_links":{"self":[{"href":"https:\/\/www.cci.corsica\/co\/wp-json\/wp\/v2\/pages\/1573","targetHints":{"allow":["GET"]}}],"collection":[{"href":"https:\/\/www.cci.corsica\/co\/wp-json\/wp\/v2\/pages"}],"about":[{"href":"https:\/\/www.cci.corsica\/co\/wp-json\/wp\/v2\/types\/page"}],"author":[{"embeddable":true,"href":"https:\/\/www.cci.corsica\/co\/wp-json\/wp\/v2\/users\/4"}],"replies":[{"embeddable":true,"href":"https:\/\/www.cci.corsica\/co\/wp-json\/wp\/v2\/comments?post=1573"}],"version-history":[{"count":34,"href":"https:\/\/www.cci.corsica\/co\/wp-json\/wp\/v2\/pages\/1573\/revisions"}],"predecessor-version":[{"id":5091,"href":"https:\/\/www.cci.corsica\/co\/wp-json\/wp\/v2\/pages\/1573\/revisions\/5091"}],"wp:attachment":[{"href":"https:\/\/www.cci.corsica\/co\/wp-json\/wp\/v2\/media?parent=1573"}],"wp:term":[{"taxonomy":"categorie-page","embeddable":true,"href":"https:\/\/www.cci.corsica\/co\/wp-json\/wp\/v2\/categorie-page?post=1573"},{"taxonomy":"type-de-page","embeddable":true,"href":"https:\/\/www.cci.corsica\/co\/wp-json\/wp\/v2\/type-de-page?post=1573"}],"curies":[{"name":"wp","href":"https:\/\/api.w.org\/{rel}","templated":true}]}}