{"id":6892,"date":"2024-12-20T14:03:22","date_gmt":"2024-12-20T13:03:22","guid":{"rendered":"https:\/\/www.cci.corsica\/?page_id=6892"},"modified":"2024-12-20T14:03:22","modified_gmt":"2024-12-20T13:03:22","slug":"via-mare","status":"publish","type":"page","link":"https:\/\/www.cci.corsica\/co\/via-mare\/","title":{"rendered":"VIA MARE"},"content":{"rendered":"<p>Via Mare est un projet strat\u00e9gique, dont la CCI est Chef de Fil.  Via Mare s\u2019inscrit dans la suite du projet strat\u00e9gique MARE, dont le Chef de Fil \u00e9tait la R\u00e9gion Ligurie.<\/p>\n\n\n\n<p>L\u2019objectif principal du projet est la cr\u00e9ation d\u2019un march\u00e9 du travail transfrontalier impliquant les 5 r\u00e9gions de la zone de coop\u00e9ration du programme Marittimo, R\u00e9gion Sud, Ligurie, Toscane, Sardaigne et Corse.<\/p>\n\n\n\n<p>Le premier d\u00e9fi sera de d\u00e9finir une strat\u00e9gie commune et un mode de gouvernance partag\u00e9 qui se concr\u00e9tiseront dans un document&nbsp;: le pacte de r\u00e9seau, avec, pour principale annexe un sch\u00e9ma transfrontalier de l\u2019emploi.<\/p>\n\n\n\n<p>Le second d\u00e9fi consistera \u00e0 dynamiser ce march\u00e9 du travail en am\u00e9liorant la connexion entre offre et demande d\u2019emploi. Cela se concr\u00e9tisera par le d\u00e9veloppement de la plateforme Corse-Emploi, des activit\u00e9s visant \u00e0 mieux cerner les besoins des secteurs d\u2019activit\u00e9s, et \u00e0 d\u00e9velopper des outils innovant pour les services pour l\u2019emploi.<\/p>\n\n\n\n<p>Enfin le projet \u00e9laborera et mettra en \u0153uvre des actions dans le domaine du renforcement des comp\u00e9tences et de reconnaissance transfrontali\u00e8re des comp\u00e9tences acquises.&nbsp;<\/p>\n\n\n\n<p>En tant que projet strat\u00e9gique, Via MARE s\u2019appuiera et renforcera les projets simples de la m\u00eame Priorit\u00e9. S\u2019appuyer sur les r\u00e9sultats des projets en cours ou d\u00e9j\u00e0 termin\u00e9s, renforcer en partageant les \u00e9l\u00e9ments qui se d\u00e9gageront de l\u2019\u00e9laboration de la strat\u00e9gie. Il a un r\u00f4le de leader dans sa priorit\u00e9.<\/p>","protected":false},"excerpt":{"rendered":"<p>Via Mare est un projet strat\u00e9gique, dont la CCI est Chef de Fil. Via Mare s\u2019inscrit dans la suite du projet strat\u00e9gique MARE, dont le Chef de Fil \u00e9tait la R\u00e9gion Ligurie. L\u2019objectif principal du projet est la cr\u00e9ation d\u2019un march\u00e9 du travail transfrontalier impliquant les 5 r\u00e9gions de la zone de coop\u00e9ration du programme [&hellip;]<\/p>\n","protected":false},"author":4,"featured_media":0,"parent":0,"menu_order":0,"comment_status":"closed","ping_status":"closed","template":"","meta":{"_acf_changed":false,"_seopress_robots_primary_cat":"","_seopress_titles_title":"","_seopress_titles_desc":"","_seopress_robots_index":"","footnotes":""},"categorie-page":[],"type-de-page":[8],"class_list":["post-6892","page","type-page","status-publish","hentry","type-de-page-page-sans-image"],"acf":[],"_links":{"self":[{"href":"https:\/\/www.cci.corsica\/co\/wp-json\/wp\/v2\/pages\/6892","targetHints":{"allow":["GET"]}}],"collection":[{"href":"https:\/\/www.cci.corsica\/co\/wp-json\/wp\/v2\/pages"}],"about":[{"href":"https:\/\/www.cci.corsica\/co\/wp-json\/wp\/v2\/types\/page"}],"author":[{"embeddable":true,"href":"https:\/\/www.cci.corsica\/co\/wp-json\/wp\/v2\/users\/4"}],"replies":[{"embeddable":true,"href":"https:\/\/www.cci.corsica\/co\/wp-json\/wp\/v2\/comments?post=6892"}],"version-history":[{"count":1,"href":"https:\/\/www.cci.corsica\/co\/wp-json\/wp\/v2\/pages\/6892\/revisions"}],"predecessor-version":[{"id":6894,"href":"https:\/\/www.cci.corsica\/co\/wp-json\/wp\/v2\/pages\/6892\/revisions\/6894"}],"wp:attachment":[{"href":"https:\/\/www.cci.corsica\/co\/wp-json\/wp\/v2\/media?parent=6892"}],"wp:term":[{"taxonomy":"categorie-page","embeddable":true,"href":"https:\/\/www.cci.corsica\/co\/wp-json\/wp\/v2\/categorie-page?post=6892"},{"taxonomy":"type-de-page","embeddable":true,"href":"https:\/\/www.cci.corsica\/co\/wp-json\/wp\/v2\/type-de-page?post=6892"}],"curies":[{"name":"wp","href":"https:\/\/api.w.org\/{rel}","templated":true}]}}